{"id":157,"date":"2023-05-23T18:37:24","date_gmt":"2023-05-23T16:37:24","guid":{"rendered":"https:\/\/malki.info\/inicio\/?page_id=157"},"modified":"2025-05-05T20:44:10","modified_gmt":"2025-05-05T18:44:10","slug":"un-peu-dhistoire","status":"publish","type":"page","link":"https:\/\/malki.info\/inicio\/index.php\/un-peu-dhistoire\/","title":{"rendered":"Un peu d&rsquo;Histoire"},"content":{"rendered":"\t\t<div data-elementor-type=\"wp-page\" data-elementor-id=\"157\" class=\"elementor elementor-157\">\n\t\t\t\t\t\t<section class=\"elementor-section elementor-top-section elementor-element elementor-element-1a3b55b elementor-section-boxed elementor-section-height-default elementor-section-height-default\" data-id=\"1a3b55b\" data-element_type=\"section\" data-e-type=\"section\">\n\t\t\t\t\t\t<div class=\"elementor-container elementor-column-gap-default\">\n\t\t\t\t\t<div class=\"elementor-column elementor-col-100 elementor-top-column elementor-element elementor-element-b631d54\" data-id=\"b631d54\" data-element_type=\"column\" data-e-type=\"column\">\n\t\t\t<div class=\"elementor-widget-wrap\">\n\t\t\t\t\t\t\t<\/div>\n\t\t<\/div>\n\t\t\t\t\t<\/div>\n\t\t<\/section>\n\t\t\t\t<section class=\"elementor-section elementor-top-section elementor-element elementor-element-abd53f1 elementor-section-content-bottom elementor-section-boxed elementor-section-height-default elementor-section-height-default\" data-id=\"abd53f1\" data-element_type=\"section\" data-e-type=\"section\" data-settings=\"{&quot;background_background&quot;:&quot;classic&quot;}\">\n\t\t\t\t\t\t<div class=\"elementor-container elementor-column-gap-default\">\n\t\t\t\t\t<div class=\"elementor-column elementor-col-50 elementor-top-column elementor-element elementor-element-8fc1357\" data-id=\"8fc1357\" data-element_type=\"column\" data-e-type=\"column\">\n\t\t\t<div class=\"elementor-widget-wrap elementor-element-populated\">\n\t\t\t\t\t\t<div class=\"elementor-element elementor-element-c5048bc elementor-view-stacked elementor-widget__width-initial elementor-shape-circle elementor-widget elementor-widget-icon\" data-id=\"c5048bc\" data-element_type=\"widget\" data-e-type=\"widget\" data-widget_type=\"icon.default\">\n\t\t\t\t<div class=\"elementor-widget-container\">\n\t\t\t\t\t\t\t<div class=\"elementor-icon-wrapper\">\n\t\t\t<div class=\"elementor-icon\">\n\t\t\t<i aria-hidden=\"true\" class=\"fas fa-hand-point-down\"><\/i>\t\t\t<\/div>\n\t\t<\/div>\n\t\t\t\t\t\t<\/div>\n\t\t\t\t<\/div>\n\t\t\t\t<div class=\"elementor-element elementor-element-b3b36ff elementor-widget__width-initial elementor-widget elementor-widget-image\" data-id=\"b3b36ff\" data-element_type=\"widget\" data-e-type=\"widget\" data-widget_type=\"image.default\">\n\t\t\t\t<div class=\"elementor-widget-container\">\n\t\t\t\t\t\t\t\t\t\t\t\t\t\t\t<img fetchpriority=\"high\" decoding=\"async\" width=\"800\" height=\"252\" src=\"https:\/\/malki.info\/inicio\/wp-content\/uploads\/2023\/05\/malkimadfnegtransp.gif\" class=\"attachment-full size-full wp-image-27\" alt=\"\" \/>\t\t\t\t\t\t\t\t\t\t\t\t\t\t\t<\/div>\n\t\t\t\t<\/div>\n\t\t\t\t<div class=\"elementor-element elementor-element-1f9544d elementor-widget elementor-widget-heading\" data-id=\"1f9544d\" data-element_type=\"widget\" data-e-type=\"widget\" data-widget_type=\"heading.default\">\n\t\t\t\t<div class=\"elementor-widget-container\">\n\t\t\t\t\t<h2 class=\"elementor-heading-title elementor-size-default\">... UN  PEU D'HISTOIRE\n\n<\/h2>\t\t\t\t<\/div>\n\t\t\t\t<\/div>\n\t\t\t\t<div class=\"elementor-element elementor-element-1f77158 elementor-tablet-align-start elementor-icon-list--layout-traditional elementor-list-item-link-full_width elementor-widget elementor-widget-icon-list\" data-id=\"1f77158\" data-element_type=\"widget\" data-e-type=\"widget\" data-widget_type=\"icon-list.default\">\n\t\t\t\t<div class=\"elementor-widget-container\">\n\t\t\t\t\t\t\t<ul class=\"elementor-icon-list-items\">\n\t\t\t\t\t\t\t<li class=\"elementor-icon-list-item\">\n\t\t\t\t\t\t\t\t\t\t\t<span class=\"elementor-icon-list-icon\">\n\t\t\t\t\t\t\t<i aria-hidden=\"true\" class=\"far fa-arrow-alt-circle-right\"><\/i>\t\t\t\t\t\t<\/span>\n\t\t\t\t\t\t\t\t\t\t<span class=\"elementor-icon-list-text\">N\u00e9 \u00e0 Lima au P\u00e9rou, Malki ( William Valencia ) a \u00e9t\u00e9 attir\u00e9 tr\u00e8s t\u00f4t par les instruments et les rythmes des Andes. Grandissant dans ce carrefour entre la C\u00f4te p\u00e9ruvienne ouverte sur l'Oc\u00e9an et le monde pastoral et montagnard de la Sierra et l'Altiplano, impr\u00e9gn\u00e9 par la tradition inca et pr\u00e9-inca, il a go\u00fbt\u00e9 aux m\u00e9tissages musicaux. Ainsi, il a adopt\u00e9 grand nombre d'instruments refl\u00e9tant cette diversit\u00e9, retrouvant \u00e0 travers eux l'unit\u00e9 d'un continent et son \u00e9volution \u00e0 travers les si\u00e8cles : il affectionne particuli\u00e8rement les instruments autochtonnes andins (la quena, la zampo\u00f1a et d'autres vents moins connus sous nos latitudes) ; mais il s'accompagne \u00e9galement d'un anc\u00eatre espagnol qui fait aujourd'hui partie int\u00e9grante du folklore latino-am\u00e9ricaine, la guitare ; il n'oublie pas non plus les instruments d'origine m\u00e9tisse comme le charango. Du chant de l'home inca comme de celui du planteur de canne \u00e0 sucre cubain, il transmet l'amour de la nature, la po\u00e9sie et la simplicit\u00e9.<\/span>\n\t\t\t\t\t\t\t\t\t<\/li>\n\t\t\t\t\t\t<\/ul>\n\t\t\t\t\t\t<\/div>\n\t\t\t\t<\/div>\n\t\t\t\t<div class=\"elementor-element elementor-element-336e373 elementor-widget-divider--view-line elementor-widget elementor-widget-divider\" data-id=\"336e373\" data-element_type=\"widget\" data-e-type=\"widget\" data-widget_type=\"divider.default\">\n\t\t\t\t<div class=\"elementor-widget-container\">\n\t\t\t\t\t\t\t<div class=\"elementor-divider\">\n\t\t\t<span class=\"elementor-divider-separator\">\n\t\t\t\t\t\t<\/span>\n\t\t<\/div>\n\t\t\t\t\t\t<\/div>\n\t\t\t\t<\/div>\n\t\t\t\t\t<\/div>\n\t\t<\/div>\n\t\t\t\t<div class=\"elementor-column elementor-col-50 elementor-top-column elementor-element elementor-element-debc205\" data-id=\"debc205\" data-element_type=\"column\" data-e-type=\"column\" data-settings=\"{&quot;background_background&quot;:&quot;classic&quot;,&quot;animation&quot;:&quot;none&quot;}\">\n\t\t\t<div class=\"elementor-widget-wrap elementor-element-populated\">\n\t\t\t\t\t\t<div class=\"elementor-element elementor-element-dbd7523 elementor-widget elementor-widget-image\" data-id=\"dbd7523\" data-element_type=\"widget\" data-e-type=\"widget\" data-settings=\"{&quot;_animation&quot;:&quot;none&quot;}\" data-widget_type=\"image.default\">\n\t\t\t\t<div class=\"elementor-widget-container\">\n\t\t\t\t\t\t\t\t\t\t\t\t\t\t\t<img decoding=\"async\" width=\"790\" height=\"1140\" src=\"https:\/\/malki.info\/inicio\/wp-content\/uploads\/2023\/05\/quena.jpg\" class=\"attachment-full size-full wp-image-168\" alt=\"\" \/>\t\t\t\t\t\t\t\t\t\t\t\t\t\t\t<\/div>\n\t\t\t\t<\/div>\n\t\t\t\t\t<\/div>\n\t\t<\/div>\n\t\t\t\t\t<\/div>\n\t\t<\/section>\n\t\t\t\t<section class=\"elementor-section elementor-top-section elementor-element elementor-element-fd32bc2 elementor-section-full_width elementor-section-content-bottom elementor-section-height-default elementor-section-height-default\" data-id=\"fd32bc2\" data-element_type=\"section\" data-e-type=\"section\" data-settings=\"{&quot;background_background&quot;:&quot;classic&quot;}\">\n\t\t\t\t\t\t<div class=\"elementor-container elementor-column-gap-default\">\n\t\t\t\t\t<div class=\"elementor-column elementor-col-100 elementor-top-column elementor-element elementor-element-182ef48\" data-id=\"182ef48\" data-element_type=\"column\" data-e-type=\"column\">\n\t\t\t<div class=\"elementor-widget-wrap elementor-element-populated\">\n\t\t\t\t\t\t<div class=\"elementor-element elementor-element-e9e4958 elementor-widget elementor-widget-text-editor\" data-id=\"e9e4958\" data-element_type=\"widget\" data-e-type=\"widget\" data-widget_type=\"text-editor.default\">\n\t\t\t\t<div class=\"elementor-widget-container\">\n\t\t\t\t\t\t\t\t\t<p><strong>1982:<br \/><\/strong>Cr\u00e9ation du groupe de musique latino-am\u00e9ricaine\u00a0<em>Soncco Sua\u00a0<\/em>(\u00ab\u00a0<em>Voleur de coeurs<\/em>\u00ab\u00a0) \u00e0 Lima.<\/p><p><strong>1987:<br \/><\/strong>Entre dans le groupe\u00a0<em>Kotosh\u00a0<\/em>de Callao comme guitariste.<\/p><p><strong>1989-91:<br \/><\/strong>Production et animation de l&rsquo;\u00e9mision de radio <em>Pentagrama Latinoamericano\u00a0<\/em>sur Radio Star 1300 A.M. (Lima), sp\u00e9cialis\u00e9 dans le folklore latino-am\u00e9ricain et soutenant particuli\u00e8rement les musiciens locaux. Parmi les 18 \u00e9missions du m\u00eame type \u00e9xistant \u00e0 ce moment l\u00e0, celle-ci ocuppait le deuxi\u00e8me rang \u00e0 l&rsquo;audimat.<\/p><p><strong>1993:<br \/><\/strong>Tourn\u00e9e musicale de 4 mois en Amazonie (Iquitos et Pucallpa) avec l&rsquo;ensemble <em>Latinoam\u00e9rika <\/em>(Callao).<\/p><p><strong>1994:<br \/><\/strong><em>Malki ( William Valencia ) <\/em>et l&rsquo;ensemble <a href=\"http:\/\/alpamayo.peru.tripod.com\/\">Alpamayo\u00a0<\/a>re\u00e7oivent le prix <em>\u00ab\u00a0La Bella Andina del a\u00f1o 1994\u00a0\u00bb (La belle andine de 1994)\u00a0<\/em>pour la chanson <em>\u00ab\u00a0<\/em><a href=\"https:\/\/malki.info\/talvez.html\"><em>Tal vez<\/em><\/a><em>\u00a0\u00bb\u00a0<\/em>compos\u00e9e par <em>&lsquo;Malki&rsquo; William Valencia<\/em>. Il s&rsquo;agissait d&rsquo;un prix d\u00e9cern\u00e9 par la \u00a0<em>Radio Nacional del Per\u00fa\u00a0<\/em>qui \u00a0r\u00e9compensait la meilleure chanson de l&rsquo;ann\u00e9e dans le pays.<\/p><p><strong>1996:<br \/><\/strong>Arriv\u00e9 en Suisse avec l&rsquo;ensemble\u00a0<em>Kotosh<\/em>.<\/p><p><strong>1998-99:<br \/><\/strong>Participation \u00e0 une pi\u00e8ce de th\u00e9\u00e2tre comme compositeur, interpr\u00e8te et acteur :\u00a0<em>Le dernier des Incas; Alexis Giroud\u00a0<\/em>en Suisse.<\/p><p><strong>1998:<br \/><\/strong>Quitte l&rsquo;ensemble Kotosh pour se lancer comme soliste.<\/p><p><strong>1999:<br \/><\/strong>Adopte son nom d&rsquo;artiste, <em>Malki<\/em>.<\/p><p><strong>2000:<br \/><\/strong>Participe \u00e0\u00a0<em>La F\u00eate de la Musique\u00a0<\/em>organis\u00e9e par le\u00a0<a href=\"http:\/\/www.graap.ch\/titePlace.html\">GRAAP\u00a0<\/a>et la ville de Lausanne (Suisse).<\/p><p>Se produit dans le cadre de la\u00a0<em>Rencontre de Nations Am\u00e9rindiennes Pow-Wow 2000\u00a0<\/em>\u00e0 Lausanne.<\/p><p>Adaptation de\u00a0<em>\u00ab\u00a0<\/em><a href=\"https:\/\/malki.info\/fr\/mc.html\"><em>La Misa Criolla<\/em><\/a><em>\u00a0\u00bb\u00a0<\/em>d&rsquo;Ariel Ramirez pour duo de chanteurs et instruments des Andes.<\/p><p><strong>2001:<br \/><\/strong>Production et r\u00e9alisation de son premier CD<em>, \u00ab\u00a0<\/em><a href=\"https:\/\/malki.info\/fr\/CD_Imagines.html\"><em>Imagines&#8230;<\/em><\/a>\u00ab\u00a0.<\/p><p>Participation \u00e0 l&rsquo;\u00e9mision de l<em>a Radio Suisse Roman<\/em>de du 2 de juin<em>: \u00ab\u00a0Le Kiosque \u00e0 Musiques\u00a0\u00bb<\/em>. Joue sur le site de plusieurs festivals et f\u00eates en Suisse tel que l<em>e 35\u00b0Festival Jazz de Montre<\/em>ux\u00a0<em>, Les f\u00eates de Gen\u00e8<\/em>ve et\u00a0<em>La f\u00eate de Vendang<\/em>es \u00e0 Neuch\u00e2tel.<\/p><p><strong>2002:<br \/><\/strong>Participation (pour la 2\u00e8me. fois) \u00e0 l&rsquo;\u00e9mission de la Radio Suisse Romande du 9 mars: \u00ab\u00a0Le Kiosque \u00e0 Musiques\u00a0\u00bb.<\/p><p>Participation \u00e0 l&rsquo;\u00e9mission de la T\u00e9l\u00e9vision Suisse Romande TSR 1 du 21 juin: \u00ab\u00a0Zig-Zag EXPO\u00a0\u00bb et \u00e0 la \u00ab\u00a0F\u00eate de la Musique\u00a0\u00bb \u00e0 Lausanne (Suisse).<\/p><p>Participation \u00e0 la \u00ab\u00a0F\u00eate de Lausanne\u00a0\u00bb le 28 et 29 juin.<\/p><p>Joue sur le site de plusieurs festivals et f\u00eates en Suisse tel que le 36\u00b0 Festival Jazz de Montreux, etc.<\/p><p>Participation au Festival &lsquo;<a href=\"http:\/\/www.20heures.ch\/\">20 Heures de Musiques Romont<\/a>&lsquo; \u00e0 Romont, Suisse et au &rsquo;20\u00e8me. Anniversaire d&rsquo;INECLA&rsquo;, Institut d&rsquo;Espagnol et de la Culture Latino-am\u00e9ricaine<\/p><p>Production et r\u00e9alisation de son deuxi\u00e8me\u00a0<a href=\"https:\/\/malki.info\/fr\/cd-mp002.html\">CD, \u00ab\u00a0Misa Criolla\u00a0\u00bb<\/a>.<\/p><p>Concert \u00ab\u00a0Misa Criolla\u00a0\u00bb le 8 d\u00e9cembre \u00e0 l&rsquo;Eglise de la Chiesaz (St-L\u00e9gier) (VD) (Suisse)<\/p><p>Messe de No\u00ebl &#8211; 25 D\u00e9c.: &lsquo;Malki &#8230; et La Misa Criolla&rsquo; \u00e0 l&rsquo;Eglise de la station \u00e0 Verbier (VS) (Suisse).<\/p><p><strong>2003:<br \/><\/strong>Le 15 f\u00e9vrier: Participation (pour la 3\u00e8me. fois) \u00e0 l&rsquo;\u00e9mission de la Radio Suisse Romande: \u00ab\u00a0Le Kiosque \u00e0 Musiques\u00a0\u00bb.<\/p><p>Participation \u00e0 la \u2018Pe\u00f1a Latina\u2019 organis\u00e9 par l&rsquo;Association Presencia \u00a0Latinoamericana&rsquo; le 3 mai \u00e0 Lausanne.<\/p><p>Participation \u00e0 la \u2018Journ\u00e9e des 5 Continents\u2019 \u00e0 Martigny (VS) le 14 juin.<\/p><p>Participation dans le Festival de Jazz et Musique du Monde \u2018La Fiesta\u2019 \u00e0 Payerne, le 19 juin.<\/p><p>Concert dans le cadre du Festival &lsquo;Vivre Ensemble 03&rsquo; : Juan de Dios Rojas et Malki en concert : Salle Paderewski, Lausanne, le 20 juin.<\/p><p>F\u00eate de la Musique \u00e0 Lausanne : A la Place St. Fran\u00e7ois (17:00 hrs.) et Concert \u2018Misa Criolla (d&rsquo;Ariel Ramirez) et Pi\u00e8ces profanes&rsquo; : Eglise St. Laurent (22:00 hrs.) le 21 juin.<\/p><p>Participation (pour la 2\u00e8me fois) \u00e0 la \u00ab\u00a0F\u00eate de Lausanne\u00a0\u00bb, le 28 juin.<\/p><p>Participation au \u20182\u00e8me. Festival &lsquo;Rilke&rsquo; : Jardins du Ch\u00e2teau Mercier, Sierre (VS), le 24 ao\u00fbt.<\/p><p>Participation au Festival &lsquo;Vivre ensemble en 2003&rsquo; (cl\u00f4ture) : Concert &lsquo;El Canto del Sol&rsquo; (\u2018Le Chant du Soleil\u2019), avec la chanteuse p\u00e9ruvienne Martina Portocarrero, engag\u00e9 comme musicien. Salle Paderewski, Lausanne, le 26 septembre.<\/p><p><strong>2004:<br \/><\/strong>Participation (pour la 4\u00e8me. fois) \u00e0 l&rsquo;\u00e9mission de la Radio Suisse Romande: \u00ab\u00a0Le Kiosque \u00e0 Musiques\u00a0\u00bb, le 7 f\u00e9vrier \u00e0 Gollion (VD) Suisse.<\/p><p>Il \u00e9tait \u00e9lu D\u00e9l\u00e9gu\u00e9 \u00e0 la Culture de l\u2019<a href=\"http:\/\/www.acperu.ch\/\">Association Culturelle P\u00e9rou\u00a0<\/a>(ACP) \u00e0 Lausanne, Suisse le 10 mars, pour la p\u00e9riode 2004-2005.<br \/><strong><em><u><br \/><\/u><\/em><\/strong>Le 08 mai :<strong>\u00a0<\/strong>Concert organis\u00e9 par l\u2019<a href=\"http:\/\/www.4winds.info\/\">Association FourWinds\u00a0<\/a>\u00e0 la Maison de Paroisses \u00e0 Lutry, \u00e0 20h00.<\/p><p><strong>2013-2023:<br \/><\/strong>Cr\u00e9ation et incursion dans le monde des stations de radios online, actuellement en fonction: <em><a href=\"https:\/\/pentagramalatinoamericanoradiofolk.com\/\">Pentagrama Latinoamericano Radio Folk<\/a><\/em>, <a href=\"https:\/\/malkiradio.com\/\"><em>Malki Radio World Music<\/em><\/a>, <a href=\"https:\/\/malkiretro.com\/\"><em>Malki Retro<\/em><\/a>, <a href=\"https:\/\/radiomalkilatino.com\/\"><em>Radio Malki Latino<\/em><\/a>, <a href=\"https:\/\/radiocristoenmi.com\/\"><em>RCM &#8211; Radio Cristo en Mi<\/em><\/a>, et encore la station <em>MALKI Demo Music<\/em> sur <a href=\"https:\/\/malki.info\/inicio\/\"><em>malki.ch<\/em><\/a><\/p><p><strong>2017:<br \/><\/strong>Il fais partie de l&rsquo;ensemble <em>La Oro Band <\/em>\u00a0d&rsquo;Oscar Rodriguez, \u00e0 Lausanne, Suisse. Ici il jou\u00e9 le <em>caj\u00f3n p\u00e9ruvien, le bataj\u00f3n <\/em>\u00a0et d&rsquo;autres percussions latinas.<\/p><p>Il est invit\u00e9 \u00e0 participer dans l&rsquo;ensemble valaisain <em>Gipsy Latino,<\/em> jusqu&rsquo;en d\u00e9but 2018<\/p><p><strong>2018:<br \/><\/strong>Du 12 au 14 juillet participe avec l&rsquo;ensemble <em>Taki\u00f1an <\/em>\u00a0dans le Festival International de Music \u00e0 Ulytay, Kazakstan, en repr\u00e9sentation du P\u00e9rou.<\/p><p><strong>2021:<br \/><\/strong>A Lausanne, participe dans l&rsquo;enregistrement du morceau <a href=\"https:\/\/www.youtube.com\/watch?v=DCvORI5GJiM&amp;list=OLAK5uy_me8uTjCyn_w_AuEL9umFDEkr3M-6FovEY\"><em>Dame M\u00e1s<\/em><\/a> avec la <em>quena<\/em>, avec la chanteuse dominicaine Altagracia Polanco, de son nom artistique, <em>Altagracia. <\/em><\/p><p><strong>2024:<br \/><\/strong>En septembre est r\u00e9-invit\u00e9 \u00e0 participer dans l&rsquo;ensemble valaisain <em>Gipsy Latino.<\/em><\/p><p>En octobre enregistre et publie son morceau <em>Confesiones,<\/em> au rythme de son cubain avec le chanteur p\u00e9ruvien <em>Omar Moreno.<\/em> Cette production musicale marque un nouveau point de d\u00e9part apr\u00e8s des longues ann\u00e9es sans se produire\u00a0 professionnellement dans la musique. Il est publi\u00e9 \u00e0 niveau global dans les plate-formes digitales comme <a href=\"https:\/\/open.spotify.com\/intl-fr\/album\/4yDoLuRDxDR8K386c6fPTD\">Spotify<\/a>, <a href=\"https:\/\/www.amazon.com\/CONFESIONES-feat-Omar-Moreno-Malki\/dp\/B0DL89MQ5T\">Amazon Music<\/a>, <a href=\"https:\/\/music.apple.com\/us\/album\/confesiones-feat-omar-moreno-single\/1778813356\">Apple Music<\/a>, <a href=\"https:\/\/www.youtube.com\/watch?v=55sMzIgFXgY\">YouTube<\/a>, <a href=\"https:\/\/www.shazam.com\/song\/1778813357\/confesiones-feat-omar-moreno\">Shazam<\/a>, <a href=\"https:\/\/www.deezer.com\/mx\/album\/661589201\">Deezer<\/a>, etc.<\/p><p><strong>2025:<br \/><\/strong>Publication du vid\u00e9oclip Officiel du morceau <em>Confesiones<\/em>\u00a0sur <a href=\"https:\/\/youtu.be\/55sMzIgFXgY?si=hTedpm3pSSs0vnCG\">YouTube<\/a>, tourn\u00e9 dans les alpes valaisains de Ovronnaz. Aussi la publication de la <a href=\"https:\/\/www.youtube.com\/watch?v=5AwtXukc_UQ\">version karaok\u00e9<\/a> y est pr\u00e9sente.<\/p><p>Jueves 15 mai publication dans les plateformes digitales le morceau <a href=\"https:\/\/www.youtube.com\/shorts\/hmXuxQ10I3A\"><em>Sanjuanitos<\/em><\/a>, potpourri de trois morceaux traditionnels de l&rsquo;Equateur.\u00a0<\/p>\t\t\t\t\t\t\t\t<\/div>\n\t\t\t\t<\/div>\n\t\t\t\t\t<\/div>\n\t\t<\/div>\n\t\t\t\t\t<\/div>\n\t\t<\/section>\n\t\t\t\t<section class=\"elementor-section elementor-top-section elementor-element elementor-element-f5cc1e1 elementor-section-boxed elementor-section-height-default elementor-section-height-default\" data-id=\"f5cc1e1\" data-element_type=\"section\" data-e-type=\"section\">\n\t\t\t\t\t\t<div class=\"elementor-container elementor-column-gap-default\">\n\t\t\t\t\t<div class=\"elementor-column elementor-col-100 elementor-top-column elementor-element elementor-element-c6d8fd7\" data-id=\"c6d8fd7\" data-element_type=\"column\" data-e-type=\"column\">\n\t\t\t<div class=\"elementor-widget-wrap elementor-element-populated\">\n\t\t\t\t\t\t<div class=\"elementor-element elementor-element-6a0c5b5 elementor-widget__width-inherit elementor-widget elementor-widget-html\" data-id=\"6a0c5b5\" data-element_type=\"widget\" data-e-type=\"widget\" data-widget_type=\"html.default\">\n\t\t\t\t<div class=\"elementor-widget-container\">\n\t\t\t\t\t<iframe src=\"https:\/\/radio.andaina.net\/cp\/widgets\/player\/single\/?p=8024\" height=\"110\" width=\"100%\" scrolling=\"no\" style=\"border:none;\"><\/iframe>\r\n\r\n<a href=\"https:\/\/radio.andaina.net\/cp\/links.php?p=8024&m=pls\"><img decoding=\"async\" src=\"https:\/\/radio.andaina.net\/cp\/inc\/images\/players\/winamp2.png\" border=\"0\"><\/a>\r\n\r\n<a href=\"https:\/\/radio.andaina.net\/cp\/links.php?p=8024&m=asx\"><img decoding=\"async\" src=\"https:\/\/radio.andaina.net\/cp\/inc\/images\/players\/mediaplayer.png\" border=\"0\"><\/a>\r\n\r\n<a href=\"https:\/\/radio.andaina.net\/cp\/links.php?p=8024&m=pls\"><img decoding=\"async\" src=\"https:\/\/radio.andaina.net\/cp\/inc\/images\/players\/vlc.png\" border=\"0\"><\/a>\r\n\r\n<a href=\"https:\/\/radio.andaina.net\/cp\/links.php?p=8024&m=pls\"><img decoding=\"async\" src=\"https:\/\/radio.andaina.net\/cp\/inc\/images\/players\/itunes.png\" border=\"0\"><\/a>\r\n\r\n<a href=\"https:\/\/radio.andaina.net\/cp\/links.php?p=8024&m=ram\"><img decoding=\"async\" src=\"https:\/\/radio.andaina.net\/cp\/inc\/images\/players\/real.png\" border=\"0\"><\/a>\r\n\r\n<a href=\"https:\/\/radio.andaina.net\/8024\/stream\" target=\"_blank\"><img decoding=\"async\" src=\"https:\/\/radio.andaina.net\/cp\/inc\/images\/players\/sslplay.png\" border=\"0\"><\/a>\t\t\t\t<\/div>\n\t\t\t\t<\/div>\n\t\t\t\t\t<\/div>\n\t\t<\/div>\n\t\t\t\t\t<\/div>\n\t\t<\/section>\n\t\t\t\t<\/div>\n\t\t","protected":false},"excerpt":{"rendered":"<p>&#8230; UN PEU D&rsquo;HISTOIRE N\u00e9 \u00e0 Lima au P\u00e9rou, Malki ( William Valencia ) a \u00e9t\u00e9 attir\u00e9 tr\u00e8s t\u00f4t par les instruments et les rythmes des Andes. Grandissant dans ce carrefour entre la C\u00f4te p\u00e9ruvienne ouverte sur l&rsquo;Oc\u00e9an et le monde pastoral et montagnard de la Sierra et l&rsquo;Altiplano, impr\u00e9gn\u00e9 par la tradition inca et [&hellip;]<\/p>\n","protected":false},"author":1,"featured_media":0,"parent":0,"menu_order":0,"comment_status":"closed","ping_status":"closed","template":"","meta":{"site-sidebar-layout":"no-sidebar","site-content-layout":"page-builder","ast-site-content-layout":"default","site-content-style":"default","site-sidebar-style":"default","ast-global-header-display":"","ast-banner-title-visibility":"","ast-main-header-display":"","ast-hfb-above-header-display":"","ast-hfb-below-header-display":"","ast-hfb-mobile-header-display":"","site-post-title":"disabled","ast-breadcrumbs-content":"","ast-featured-img":"disabled","footer-sml-layout":"","ast-disable-related-posts":"","theme-transparent-header-meta":"","adv-header-id-meta":"","stick-header-meta":"","header-above-stick-meta":"","header-main-stick-meta":"","header-below-stick-meta":"","astra-migrate-meta-layouts":"default","ast-page-background-enabled":"default","ast-page-background-meta":{"desktop":{"background-color":"var(--ast-global-color-4)","background-image":"","background-repeat":"repeat","background-position":"center center","background-size":"auto","background-attachment":"scroll","background-type":"","background-media":"","overlay-type":"","overlay-color":"","overlay-opacity":"","overlay-gradient":""},"tablet":{"background-color":"","background-image":"","background-repeat":"repeat","background-position":"center center","background-size":"auto","background-attachment":"scroll","background-type":"","background-media":"","overlay-type":"","overlay-color":"","overlay-opacity":"","overlay-gradient":""},"mobile":{"background-color":"","background-image":"","background-repeat":"repeat","background-position":"center center","background-size":"auto","background-attachment":"scroll","background-type":"","background-media":"","overlay-type":"","overlay-color":"","overlay-opacity":"","overlay-gradient":""}},"ast-content-background-meta":{"desktop":{"background-color":"var(--ast-global-color-5)","background-image":"","background-repeat":"repeat","background-position":"center center","background-size":"auto","background-attachment":"scroll","background-type":"","background-media":"","overlay-type":"","overlay-color":"","overlay-opacity":"","overlay-gradient":""},"tablet":{"background-color":"var(--ast-global-color-5)","background-image":"","background-repeat":"repeat","background-position":"center center","background-size":"auto","background-attachment":"scroll","background-type":"","background-media":"","overlay-type":"","overlay-color":"","overlay-opacity":"","overlay-gradient":""},"mobile":{"background-color":"var(--ast-global-color-5)","background-image":"","background-repeat":"repeat","background-position":"center center","background-size":"auto","background-attachment":"scroll","background-type":"","background-media":"","overlay-type":"","overlay-color":"","overlay-opacity":"","overlay-gradient":""}},"footnotes":""},"class_list":["post-157","page","type-page","status-publish","hentry"],"_links":{"self":[{"href":"https:\/\/malki.info\/inicio\/index.php\/wp-json\/wp\/v2\/pages\/157","targetHints":{"allow":["GET"]}}],"collection":[{"href":"https:\/\/malki.info\/inicio\/index.php\/wp-json\/wp\/v2\/pages"}],"about":[{"href":"https:\/\/malki.info\/inicio\/index.php\/wp-json\/wp\/v2\/types\/page"}],"author":[{"embeddable":true,"href":"https:\/\/malki.info\/inicio\/index.php\/wp-json\/wp\/v2\/users\/1"}],"replies":[{"embeddable":true,"href":"https:\/\/malki.info\/inicio\/index.php\/wp-json\/wp\/v2\/comments?post=157"}],"version-history":[{"count":144,"href":"https:\/\/malki.info\/inicio\/index.php\/wp-json\/wp\/v2\/pages\/157\/revisions"}],"predecessor-version":[{"id":516,"href":"https:\/\/malki.info\/inicio\/index.php\/wp-json\/wp\/v2\/pages\/157\/revisions\/516"}],"wp:attachment":[{"href":"https:\/\/malki.info\/inicio\/index.php\/wp-json\/wp\/v2\/media?parent=157"}],"curies":[{"name":"wp","href":"https:\/\/api.w.org\/{rel}","templated":true}]}}